{"id":2343,"date":"2022-09-29T19:01:55","date_gmt":"2022-09-30T00:01:55","guid":{"rendered":"https:\/\/fcnf.unsa.edu.pe\/matematica\/?page_id=2343"},"modified":"2022-11-08T13:44:08","modified_gmt":"2022-11-08T18:44:08","slug":"cursos-y-conferencias","status":"publish","type":"page","link":"https:\/\/fcnf.unsa.edu.pe\/matematica\/cursos-y-conferencias\/","title":{"rendered":"CURSOS Y CONFERENCIAS"},"content":{"rendered":"<table style=\"height: 26px\" width=\"874\">\n<tbody>\n<tr>\n<td style=\"text-align: center\" bgcolor=\"maroon\" width=\"80\"><a href=\"https:\/\/fcnf.unsa.edu.pe\/matematica\/sim_matematicas-2022\/\"><span style=\"color: #ffffff\"><strong>INICIO\u00a0 \u00a0<\/strong><\/span><\/a><\/td>\n<td style=\"text-align: center\" bgcolor=\"maroon\" width=\"80\"><a href=\"https:\/\/fcnf.unsa.edu.pe\/matematica\/programa\/\"><span style=\"color: #ffffff\"><strong>PROGRAMA\u00a0<\/strong><\/span><\/a><\/td>\n<td style=\"text-align: center\" bgcolor=\"maroon\" width=\"169\"><a href=\"https:\/\/fcnf.unsa.edu.pe\/matematica\/cursos-y-conferencias\/\"><span style=\"color: #ffffff\"><strong>CURSOS Y CONFERENCIAS\u00a0<\/strong><\/span><\/a><\/td>\n<td style=\"text-align: center\" bgcolor=\"maroon\" width=\"80\"><span style=\"color: #ffffff\"><strong><span style=\"color: #ffffff\"><a style=\"color: #ffffff\" href=\"https:\/\/fcnf.unsa.edu.pe\/matematica\/2452-2\/\">MATERIAL<\/a><\/span>\u00a0 \u00a0 \u00a0<\/strong><\/span><\/td>\n<td style=\"text-align: center\" bgcolor=\"maroon\" width=\"183\"><a href=\"https:\/\/fcnf.unsa.edu.pe\/matematica\/vacantes-e-inscripciones\/\"><span style=\"color: #ffffff\"><strong>VACANTES E INSCRIPCIONES<\/strong><\/span><\/a><\/td>\n<\/tr>\n<\/tbody>\n<\/table>\n<p>&nbsp;<\/p>\n<p><span style=\"color: #000000\"><strong>CONFERENCIAS, COMUNICACI\u00d3N Y SESI\u00d3N DE P\u00d3STER EN LAS \u00c1REAS DE:<\/strong><\/span><\/p>\n<ul>\n<li><span style=\"color: #000000\">Sistemas Din\u00e1micos<\/span><\/li>\n<li><span style=\"color: #000000\">Teor\u00eda espectral aplicada a procesos de ingenier\u00eda<\/span><\/li>\n<li><span style=\"color: #000000\">Teor\u00eda de control geom\u00e9trico<\/span><\/li>\n<li><span style=\"color: #000000\">Geometr\u00eda<\/span><\/li>\n<li><span style=\"color: #000000\">Teor\u00eda de control y estructuras casi riemannianas<\/span><\/li>\n<li><span style=\"color: #000000\">Ecuaciones diferenciales impulsivas<\/span><\/li>\n<li><span style=\"color: #000000\">Biolog\u00eda matem\u00e1tica<\/span><\/li>\n<li><span style=\"color: #000000\">Optimizaci\u00f3n<\/span><\/li>\n<li><span style=\"color: #000000\">An\u00e1lisis funcional<\/span><\/li>\n<li><span style=\"color: #000000\">Teor\u00eda de Singularidades<\/span><\/li>\n<\/ul>\n<p><strong><span style=\"color: #000000\">CURSOS :<\/span><\/strong><\/p>\n<p><span style=\"color: #000000\"><strong>\u00a0 <img loading=\"lazy\" decoding=\"async\" class=\"alignnone wp-image-2421 \" src=\"https:\/\/fcnf.unsa.edu.pe\/matematica\/wp-content\/uploads\/sites\/3\/2022\/10\/curso1-1.jpg\" alt=\"\" width=\"760\" height=\"107\" srcset=\"https:\/\/fcnf.unsa.edu.pe\/matematica\/wp-content\/uploads\/sites\/3\/2022\/10\/curso1-1.jpg 1172w, https:\/\/fcnf.unsa.edu.pe\/matematica\/wp-content\/uploads\/sites\/3\/2022\/10\/curso1-1-768x108.jpg 768w, https:\/\/fcnf.unsa.edu.pe\/matematica\/wp-content\/uploads\/sites\/3\/2022\/10\/curso1-1-1170x165.jpg 1170w\" sizes=\"auto, (max-width: 760px) 100vw, 760px\" \/><\/strong><\/span><\/p>\n<p><img loading=\"lazy\" decoding=\"async\" class=\"alignnone wp-image-2419 \" src=\"https:\/\/fcnf.unsa.edu.pe\/matematica\/wp-content\/uploads\/sites\/3\/2022\/10\/curso2-1.jpg\" alt=\"\" width=\"770\" height=\"239\" srcset=\"https:\/\/fcnf.unsa.edu.pe\/matematica\/wp-content\/uploads\/sites\/3\/2022\/10\/curso2-1.jpg 1167w, https:\/\/fcnf.unsa.edu.pe\/matematica\/wp-content\/uploads\/sites\/3\/2022\/10\/curso2-1-768x238.jpg 768w\" sizes=\"auto, (max-width: 770px) 100vw, 770px\" \/><\/p>\n<p><strong>\u00a0 \u00a0 \u00a0 \u00a0 \u00a0 \u00a0<span style=\"color: #0000ff\"><a style=\"color: #0000ff\" href=\"https:\/\/fcnf.unsa.edu.pe\/matematica\/wp-content\/uploads\/sites\/3\/2022\/10\/CONTENIDOS-CURSILLO-AREQUIPA.pdf\">CONTENIDOS CURSO 2 (TALLER)<\/a><\/span><\/strong><\/p>\n<p><img loading=\"lazy\" decoding=\"async\" class=\"alignnone wp-image-2424 \" src=\"https:\/\/fcnf.unsa.edu.pe\/matematica\/wp-content\/uploads\/sites\/3\/2022\/10\/curso3-1.jpg\" alt=\"\" width=\"778\" height=\"122\" srcset=\"https:\/\/fcnf.unsa.edu.pe\/matematica\/wp-content\/uploads\/sites\/3\/2022\/10\/curso3-1.jpg 1170w, https:\/\/fcnf.unsa.edu.pe\/matematica\/wp-content\/uploads\/sites\/3\/2022\/10\/curso3-1-768x120.jpg 768w\" sizes=\"auto, (max-width: 778px) 100vw, 778px\" \/><\/p>\n<h3><span style=\"color: #000000\"><strong>PONENTES INTERNACIONALES<\/strong><\/span><\/h3>\n<p><span style=\"color: #000000\"><strong>Dr. Wolfgang Kliemann<\/strong><\/span><\/p>\n<p><span style=\"color: #000000\">Department of Mathematics, Iowa State University. USA<\/span><\/p>\n<p><span style=\"color: #000000\">Tema: Los espectros de matrices.<\/span><\/p>\n<p><strong><span style=\"color: #000000\">Dr. Philippe Jouan<\/span><\/strong><\/p>\n<p><span style=\"color: #000000\">Laboratoire de Math\u00e9matiques Rapha\u00ebl Salem, Universit\u00e9 <\/span><span style=\"color: #000000\">de Rouen Normandie &#8211; Francia<\/span><\/p>\n<p><span style=\"color: #000000\">Tema: Introduction to geometric control theory and linear <\/span><span style=\"color: #000000\">optimal control.<\/span><\/p>\n<p><strong><span style=\"color: #000000\">Dr. Jos\u00e9 Manuel Ayala Hoffman<\/span><\/strong><\/p>\n<p><span style=\"color: #000000\">Universidad Arturo Prat, Iquique &#8211; Chile<\/span><\/p>\n<p><span style=\"color: #000000\">Tema: The ribbonlength for immersed planar ribbon.<\/span><\/p>\n<p><strong><span style=\"color: #000000\">Dr. Adriano Da Silva<\/span><\/strong><\/p>\n<p><span style=\"color: #000000\">Universidad de Tarapac\u00e1 &#8211; Chile.<\/span><\/p>\n<p><span style=\"color: #000000\">Tema: Controllability and control sets of Linear Control <\/span><span style=\"color: #000000\">Systems. <span style=\"color: #0000ff\"><strong><a style=\"color: #0000ff\" href=\"https:\/\/fcnf.unsa.edu.pe\/matematica\/wp-content\/uploads\/sites\/3\/2022\/10\/RESUMEN-ADRIANO-PERU2022.pdf\">RESUMEN<\/a><\/strong><\/span><\/span><\/p>\n<p><strong><span style=\"color: #000000\">Dr. Ricardo Castro Santis<\/span><\/strong><\/p>\n<p><span style=\"color: #000000\">Editor jefe de la Revista de Modelamiento de Sistemas<\/span><\/p>\n<p><span style=\"color: #000000\">Biol\u00f3gicos y director del Mag\u00edster en Biomatem\u00e1tica, UTEM &#8211; <\/span><span style=\"color: #000000\">Chile.<\/span><\/p>\n<p><span style=\"color: #000000\">Tema: Elementos de Matem\u00e1tica:<\/span><\/p>\n<p><strong><span style=\"color: #000000\">Dr. Nelson Vel\u00e1squez Soto<\/span><\/strong><\/p>\n<p><span style=\"color: #000000\">Cs. c\/m Ecolog\u00eda y Biolog\u00eda Evolutiva en L\u00ednea Sistemas <\/span><span style=\"color: #000000\">Ecol\u00f3gicos.<\/span><\/p>\n<p><span style=\"color: #000000\">Tema: Elementos de Ecolog\u00eda.<\/span><\/p>\n<p><strong><span style=\"color: #000000\">Dr. Fernando C\u00f3rdova-Lepe<\/span><\/strong><\/p>\n<p><span style=\"color: #000000\">Director DM2A, Universidad Cat\u00f3lica del Maule &#8211; Chile<\/span><\/p>\n<p><span style=\"color: #000000\">Tema: Modelizaci\u00f3n Matem\u00e1tica.<\/span><\/p>\n<p><strong><span style=\"color: #000000\">Dra. Eliris Cristina Rizziolli<\/span><\/strong><\/p>\n<p><span style=\"color: #000000\">Universidade Estadual Paulista \u201cJ\u00falio de Mesquita Filho\u201d, <\/span><span style=\"color: #000000\">UNESP \u2013 Brasil.<\/span><\/p>\n<p><span style=\"color: #000000\">Tema: Jacobian Extensions of an Ideal and the Boardman Symbol. <span style=\"color: #0000ff\"><strong><a style=\"color: #0000ff\" href=\"https:\/\/fcnf.unsa.edu.pe\/matematica\/wp-content\/uploads\/sites\/3\/2022\/10\/RESUMEN-ELIRIS-PERU2022.pdf\">RESUMEN<\/a><\/strong><\/span><\/span><\/p>\n<p><strong><span style=\"color: #000000\">Dra. Bego\u00f1a Alarc\u00f3n Cotillas<\/span><\/strong><\/p>\n<p><span style=\"color: #000000\">Universidade Federal Fluminense de Rio de Janiero &#8211; Brasil<\/span><\/p>\n<p><span style=\"color: #000000\">Tema: Global dynamics for planar vector fields with a star <\/span><span style=\"color: #000000\">node and homogeneous nonlinearities. <span style=\"color: #0000ff\"><strong><a style=\"color: #0000ff\" href=\"https:\/\/fcnf.unsa.edu.pe\/matematica\/wp-content\/uploads\/sites\/3\/2022\/10\/AlarconPeru_2022.pdf\">RESUMEN<\/a><\/strong><\/span><\/span><\/p>\n<p><strong><span style=\"color: #000000\">Dr. Jorge Diaz Calle<\/span><\/strong><\/p>\n<p><span style=\"color: #000000\">Universidade Estadual de Sao Paulo \u2013 Brasil<\/span><\/p>\n<p><span style=\"color: #000000\">Tema: M\u00e9todo de los m\u00ednimos cuadrados y su potencial <\/span><span style=\"color: #000000\">como indicadores de error en algoritmos hp-adaptativos.<\/span><\/p>\n<p><strong><span style=\"color: #000000\">Dr. Jos\u00e9 Luis Vilca Rodr\u00edguez<\/span><\/strong><\/p>\n<p><span style=\"color: #000000\">Instituto de Matem\u00e1tica Estad\u00edstica da Universidade de <\/span><span style=\"color: #000000\">S\u00e3o Paulo (IME-USP)<\/span><\/p>\n<p><span style=\"color: #000000\">Tema: Acciones parciales de grupos en algebras no <\/span><span style=\"color: #000000\">asociativas.<\/span><\/p>\n<p><strong><span style=\"color: #000000\">Los ponentes invitados son de trayectoria internacional de Am\u00e9rica y Europa. Cada una de sus ponencias tendr\u00e1 duraci\u00f3n de una hora acad\u00e9mica.<\/span><\/strong><\/p>\n<h3><strong><span style=\"color: #000000\">PONENTES NACIONALES<\/span><\/strong><\/h3>\n<p><strong><span style=\"color: #000000\">Dr. Daniel Alexis Guti\u00e9rrez Pachas<\/span><\/strong><\/p>\n<p><span style=\"color: #000000\">Universidad Cat\u00f3lica San Pablo &#8211; Per\u00fa<\/span><\/p>\n<p><span style=\"color: #000000\">Tema: Una introducci\u00f3n a los sistemas lineales con Saltos <\/span><span style=\"color: #000000\">Markovianos.<\/span><\/p>\n<p><strong><span style=\"color: #000000\">Dr. Javier Ticona Yucra<\/span><\/strong><\/p>\n<p><span style=\"color: #000000\">Universidad Cat\u00f3lica San Pablo &#8211; Per\u00fa<\/span><\/p>\n<p><span style=\"color: #000000\">Tema: Geod\u00e9sicas Complejas.<\/span><\/p>\n<p><strong><span style=\"color: #000000\">Mg. Ricardo Hancco Ancori<\/span><\/strong><\/p>\n<p><span style=\"color: #000000\">Universidad Nacional de San Agust\u00edn de Arequipa &#8211; Per\u00fa<\/span><\/p>\n<p><span style=\"color: #000000\">Tema: Finite element formulations for Darcy&#8217;s equation: <\/span><span style=\"color: #000000\">Theoretical, numerical and computational aspects.<\/span><\/p>\n<p><strong><span style=\"color: #000000\">Dr. Julio C\u00e9sar Valencia Guevara<\/span><\/strong><\/p>\n<p><span style=\"color: #000000\">Universidad Nacional de San Agust\u00edn de Arequipa &#8211; Per\u00fa<\/span><\/p>\n<p><span style=\"color: #000000\">Tema: Concentraci\u00f3n de masa para un modelo de <\/span><span style=\"color: #000000\">quimiotaxis con dos especies.<\/span><\/p>\n<p><strong><span style=\"color: #000000\">Mg. Percy Antonio Ticona Centeno<\/span><\/strong><\/p>\n<p><span style=\"color: #000000\">Universidad Nacional de San Agust\u00edn de Arequipa &#8211; Per\u00fa<\/span><\/p>\n<p><span style=\"color: #000000\">Tema: Un ejemplo de aprendizaje usando Autovectores.<\/span><\/p>\n<p><span style=\"color: #000000\"><strong>Dr. Jes\u00fas Enrique Achire Quispe<\/strong><\/span><\/p>\n<p><span style=\"color: #000000\">Universidad Cat\u00f3lica San Pablo &#8211; Per\u00fa<\/span><\/p>\n<p><span style=\"color: #000000\">Tema: Regularizaci\u00f3n de sistemas suaves por partes<\/span><\/p>\n","protected":false},"excerpt":{"rendered":"<p>INICIO\u00a0 \u00a0 PROGRAMA\u00a0 CURSOS Y CONFERENCIAS\u00a0 MATERIAL\u00a0 \u00a0 \u00a0 VACANTES E INSCRIPCIONES &nbsp; CONFERENCIAS, COMUNICACI\u00d3N Y SESI\u00d3N DE P\u00d3STER EN LAS \u00c1REAS DE: Sistemas Din\u00e1micos Teor\u00eda espectral aplicada a procesos de ingenier\u00eda Teor\u00eda de control geom\u00e9trico Geometr\u00eda Teor\u00eda de control y estructuras casi riemannianas Ecuaciones diferenciales impulsivas Biolog\u00eda matem\u00e1tica Optimizaci\u00f3n An\u00e1lisis funcional Teor\u00eda de Singularidades [&hellip;]<\/p>\n","protected":false},"author":2,"featured_media":0,"parent":0,"menu_order":0,"comment_status":"closed","ping_status":"closed","template":"","meta":{"_acf_changed":false,"footnotes":""},"class_list":["post-2343","page","type-page","status-publish","hentry"],"acf":[],"_links":{"self":[{"href":"https:\/\/fcnf.unsa.edu.pe\/matematica\/wp-json\/wp\/v2\/pages\/2343","targetHints":{"allow":["GET"]}}],"collection":[{"href":"https:\/\/fcnf.unsa.edu.pe\/matematica\/wp-json\/wp\/v2\/pages"}],"about":[{"href":"https:\/\/fcnf.unsa.edu.pe\/matematica\/wp-json\/wp\/v2\/types\/page"}],"author":[{"embeddable":true,"href":"https:\/\/fcnf.unsa.edu.pe\/matematica\/wp-json\/wp\/v2\/users\/2"}],"replies":[{"embeddable":true,"href":"https:\/\/fcnf.unsa.edu.pe\/matematica\/wp-json\/wp\/v2\/comments?post=2343"}],"version-history":[{"count":30,"href":"https:\/\/fcnf.unsa.edu.pe\/matematica\/wp-json\/wp\/v2\/pages\/2343\/revisions"}],"predecessor-version":[{"id":2466,"href":"https:\/\/fcnf.unsa.edu.pe\/matematica\/wp-json\/wp\/v2\/pages\/2343\/revisions\/2466"}],"wp:attachment":[{"href":"https:\/\/fcnf.unsa.edu.pe\/matematica\/wp-json\/wp\/v2\/media?parent=2343"}],"curies":[{"name":"wp","href":"https:\/\/api.w.org\/{rel}","templated":true}]}}