{"id":1056,"date":"2017-07-05T17:05:08","date_gmt":"2017-07-05T17:05:08","guid":{"rendered":"http:\/\/www2.unsa.edu.pe\/escuelas\/fisica\/?page_id=1056"},"modified":"2023-09-20T07:42:42","modified_gmt":"2023-09-20T12:42:42","slug":"resena-historica","status":"publish","type":"page","link":"https:\/\/fcnf.unsa.edu.pe\/fisica\/resena-historica\/","title":{"rendered":"Rese\u00f1a Hist\u00f3rica"},"content":{"rendered":"<p>La Escuela Profesional de F\u00edsica de la Universidad Nacional de San Agust\u00edn fue creada el 13 de abril de 1977 con el nombre de Programa Acad\u00e9mico de F\u00edsica, cuando era Rector el Dr. Alberto Guti\u00e9rrez Barrios. En 1977 ingres\u00f3 la primera promoci\u00f3n de 40 estudiantes, que iniciaron sus estudios bajo la modalidad de n\u00facleos b\u00e1sicos. A inicios de 1979 desaparecen los n\u00facleos b\u00e1sicos y se vuelve a la modalidad tradicional, \u00a0con los programas de Matem\u00e1ticas e Ingenier\u00eda Civil.<\/p>\n<p>Desde 1980 la Escuela de F\u00edsica atraves\u00f3 muchas dificultades para su desarrollo, por la falta de profesores, infraestructura, y laboratorios. Para el desarrollo de cursos, se realizaron convenios con la Universidad de Tacna y la Universidad Nacional de Ingeniera, mediante los cuales los profesores Dr. Arturo Talledo, Dr. Olger Valqui, Lic\u00a0 Jos\u00e9 L\u00f3pez Ganosa nos dictaron\u00a0 algunos cursos en la escuela de F\u00edsica.<\/p>\n<p>Entre 1983 a 1986, mediante el centro internacional de Migraciones (CIM) se consigui\u00f3 la pasantia de profesores de Italia y Holanda : Dr. Giussepe Tranchita, Dr. Carmelo Barbagallo, Dr. Roberto Semensatto, Dr. Germano Guido, Dr. Johanes Jacobus Giesen, \u00a0lo cual permiti\u00f3 que en 1985 egresen 04\u00a0 alumnos de la primera promoci\u00f3n de F\u00edsica.<\/p>\n<p>En 1984 cambi\u00f3 la estructura acad\u00e9mica (debido a la ley Universitaria de 1983), y las escuelas de F\u00edsica, Qu\u00edmica y Matem\u00e1ticas pasan\u00a0 a formar la Facultad de Ciencias Naturales y Formales, cuyo primer Decano el fue el Prof. Sixto Manrique V\u00e1squez.<\/p>\n<p>En 1985, el F\u00edsico de Nacionalidad Holandesa Dr. Johannes Jacobus Giesen se incorpora a la plana de docentes de la Escuela de F\u00edsica y establece contacto con Drs. Lou\u00a0 Fransen de NUFFIC ( Netherlands University Foundation For Internacional Cooperation) y con CICAT (Centre for Internacional Cooperation and Technology), con quienes se establece un convenio de colaboraci\u00f3n que se inici\u00f3 en 1990 y culmino en 1997. Mediante este convenio se logra mejora del curr\u00edculo, la capacitaci\u00f3n de muestro profesores en el extranjero, la creaci\u00f3n de laboratorios de F\u00edsica B\u00e1sica, F\u00edsica Intermedia e investigaci\u00f3n, implementaci\u00f3n de talleres, adquisici\u00f3n de libros y revistas, creaci\u00f3n de un centro de c\u00f3mputo y conexi\u00f3n en red, cursos de actualizaci\u00f3n\u00a0 a docentes de colegios, etc. Asimismo, se cont\u00f3 con expertos holandeses que participaron en dictado de cursos en escuela de F\u00edsica y apoyaron la proyectos de investigaci\u00f3n, entre ellos el Prof. Meint Van Albada.<\/p>\n<p>Actualmente, la Escuela de\u00a0 F\u00edsica cuenta con 06 profesores doctores en Ciencias, 06 mag\u00edsteres en Ciencias, y grupos de investigaci\u00f3n en las \u00e1reas de Energ\u00edas renovables, F\u00edsica m\u00e9dica, Termoluminiscencia, F\u00edsica Te\u00f3rica, Instrumentaci\u00f3n F\u00edsica y F\u00edsica de materiales.<\/p>\n<p>La Escuela de F\u00edsica\u00a0 ha tenido los siguientes Directores:<\/p>\n<ul>\n<li>\n<h5>Andr\u00e9s Reynoso Ortiz\u00a0 \u00a0 \u00a0 \u00a0 \u00a0 \u00a0 \u00a0 \u00a0 \u00a0 \u00a0 \u00a0 \u00a0 \u00a0 \u00a0 \u00a0 \u00a0 \u00a0 \u00a0 \u00a0 \u00a0 \u00a0 \u00a0 \u00a0 \u00a0 \u00a0 \u00a0 \u00a0 \u00a0(1984 -1987)<\/h5>\n<\/li>\n<li>\n<h5>Jorge Herrera Jarufe \u00a0 \u00a0 \u00a0 \u00a0 \u00a0 \u00a0 \u00a0 \u00a0 \u00a0 \u00a0 \u00a0 \u00a0 \u00a0 \u00a0 \u00a0 \u00a0 \u00a0 \u00a0 \u00a0 \u00a0 \u00a0 \u00a0 \u00a0 \u00a0 \u00a0 \u00a0 \u00a0 \u00a0(1987-1990)<\/h5>\n<\/li>\n<li>\n<h5>Esteban Trevi\u00f1o Bernal\u00a0 \u00a0 \u00a0 \u00a0 \u00a0 \u00a0 \u00a0 \u00a0 \u00a0 \u00a0 \u00a0 \u00a0 \u00a0 \u00a0 \u00a0 \u00a0 \u00a0 \u00a0 \u00a0 \u00a0 \u00a0 \u00a0 \u00a0 \u00a0 \u00a0 \u00a0 (1990-1993)<\/h5>\n<\/li>\n<li>\n<h5>Esteban Trevi\u00f1o Bernal\u00a0 \u00a0 \u00a0 \u00a0 \u00a0 \u00a0 \u00a0 \u00a0 \u00a0 \u00a0 \u00a0 \u00a0 \u00a0 \u00a0 \u00a0 \u00a0 \u00a0 \u00a0 \u00a0 \u00a0 \u00a0 \u00a0 \u00a0 \u00a0 \u00a0 \u00a0 \u00a0(1993-1996)<\/h5>\n<\/li>\n<li>\n<h5>Jorge Ayala Arenas \u00a0 \u00a0 \u00a0 \u00a0 \u00a0 \u00a0 \u00a0 \u00a0 \u00a0 \u00a0 \u00a0 \u00a0 \u00a0 \u00a0 \u00a0 \u00a0 \u00a0 \u00a0 \u00a0 \u00a0 \u00a0 \u00a0 \u00a0 \u00a0 \u00a0 \u00a0 \u00a0 \u00a0 \u00a0 \u00a0 \u00a0(1996-1999)<\/h5>\n<\/li>\n<li>\n<h5>Dante G\u00f3ngora Manchego \u00a0 \u00a0 \u00a0 \u00a0 \u00a0 \u00a0 \u00a0 \u00a0 \u00a0 \u00a0 \u00a0 \u00a0 \u00a0 \u00a0 \u00a0 \u00a0 \u00a0 \u00a0 \u00a0 \u00a0 \u00a0 \u00a0 \u00a0 \u00a0(1999-2002)<\/h5>\n<\/li>\n<li>\n<h5>Jos\u00e9 Portugal Salinas\u00a0 \u00a0 \u00a0 \u00a0 \u00a0 \u00a0 \u00a0 \u00a0 \u00a0 \u00a0 \u00a0 \u00a0 \u00a0 \u00a0 \u00a0 \u00a0 \u00a0 \u00a0 \u00a0 \u00a0 \u00a0 \u00a0 \u00a0 \u00a0 \u00a0 \u00a0 \u00a0 \u00a0 \u00a0 (2002-2005)<\/h5>\n<\/li>\n<li>\n<h5>Francisco Garc\u00eda Calisaya\u00a0 \u00a0 \u00a0 \u00a0 \u00a0 \u00a0 \u00a0 \u00a0 \u00a0 \u00a0 \u00a0 \u00a0 \u00a0 \u00a0 \u00a0 \u00a0 \u00a0 \u00a0 \u00a0 \u00a0 \u00a0 \u00a0 \u00a0 \u00a0 \u00a0 (2005-2008)<\/h5>\n<\/li>\n<li>\n<h5>Ra\u00fal Luque \u00c1lvarez \u00a0 \u00a0 \u00a0 \u00a0 \u00a0 \u00a0 \u00a0 \u00a0 \u00a0 \u00a0 \u00a0 \u00a0 \u00a0 \u00a0 \u00a0 \u00a0 \u00a0 \u00a0 \u00a0 \u00a0 \u00a0 \u00a0 \u00a0 \u00a0 \u00a0 \u00a0 \u00a0 \u00a0 \u00a0 \u00a0 \u00a0(2008-2010)<\/h5>\n<\/li>\n<li>\n<h5>David Pacheco Salazar\u00a0 \u00a0 \u00a0 \u00a0 \u00a0 \u00a0 \u00a0 \u00a0 \u00a0 \u00a0 \u00a0 \u00a0 \u00a0 \u00a0 \u00a0 \u00a0 \u00a0 \u00a0 \u00a0 \u00a0 \u00a0 \u00a0 \u00a0 \u00a0 \u00a0 \u00a0 \u00a0 \u00a0 (2012-2014)<\/h5>\n<\/li>\n<li>\n<h5>Ernesto Palo Tejada\u00a0 \u00a0 \u00a0 \u00a0 \u00a0 \u00a0 \u00a0 \u00a0 \u00a0 \u00a0 \u00a0 \u00a0 \u00a0 \u00a0 \u00a0 \u00a0 \u00a0 \u00a0 \u00a0 \u00a0 \u00a0 \u00a0 \u00a0 \u00a0 \u00a0 \u00a0 \u00a0 \u00a0 \u00a0 \u00a0 \u00a0 (2014 \u2013 2016)<\/h5>\n<\/li>\n<li>\n<h5>Jorge Ayala Arenas \u00a0 \u00a0 \u00a0 \u00a0 \u00a0 \u00a0 \u00a0 \u00a0 \u00a0 \u00a0 \u00a0 \u00a0 \u00a0 \u00a0 \u00a0 \u00a0 \u00a0 \u00a0 \u00a0 \u00a0 \u00a0 \u00a0 \u00a0 \u00a0 \u00a0 \u00a0 \u00a0 \u00a0 \u00a0 \u00a0 \u00a0 (2016 &#8211; 2018)<\/h5>\n<\/li>\n<li>\n<h5>Francisco Garc\u00eda Calisaya\u00a0 \u00a0 \u00a0 \u00a0 \u00a0 \u00a0 \u00a0 \u00a0 \u00a0 \u00a0 \u00a0 \u00a0 \u00a0 \u00a0 \u00a0 \u00a0 \u00a0 \u00a0 \u00a0 \u00a0 \u00a0 \u00a0 \u00a0 \u00a0 \u00a0 \u00a0(2018 &#8211; 2022)<\/h5>\n<\/li>\n<li>\n<h5>Dra. Roxana Torres Guill\u00e9n\u00a0 \u00a0 \u00a0 \u00a0 \u00a0 \u00a0 \u00a0 \u00a0 \u00a0 \u00a0 \u00a0 \u00a0 \u00a0 \u00a0 \u00a0 \u00a0 \u00a0 \u00a0 \u00a0 \u00a0 \u00a0 \u00a0 \u00a0 \u00a0 \u00a0(2023 &#8211; a la actualidad)<\/h5>\n<\/li>\n<\/ul>\n","protected":false},"excerpt":{"rendered":"<p>La Escuela Profesional de F\u00edsica de la Universidad Nacional de San Agust\u00edn fue creada el 13 de abril de 1977 con el nombre de Programa Acad\u00e9mico de F\u00edsica, cuando era Rector el Dr. Alberto Guti\u00e9rrez Barrios. En 1977 ingres\u00f3 la primera promoci\u00f3n de 40 estudiantes, que iniciaron sus estudios bajo la modalidad de n\u00facleos b\u00e1sicos. [&hellip;]<\/p>\n","protected":false},"author":1,"featured_media":4024,"parent":0,"menu_order":0,"comment_status":"closed","ping_status":"closed","template":"","meta":{"_acf_changed":false,"footnotes":""},"class_list":["post-1056","page","type-page","status-publish","has-post-thumbnail","hentry"],"acf":[],"_links":{"self":[{"href":"https:\/\/fcnf.unsa.edu.pe\/fisica\/wp-json\/wp\/v2\/pages\/1056","targetHints":{"allow":["GET"]}}],"collection":[{"href":"https:\/\/fcnf.unsa.edu.pe\/fisica\/wp-json\/wp\/v2\/pages"}],"about":[{"href":"https:\/\/fcnf.unsa.edu.pe\/fisica\/wp-json\/wp\/v2\/types\/page"}],"author":[{"embeddable":true,"href":"https:\/\/fcnf.unsa.edu.pe\/fisica\/wp-json\/wp\/v2\/users\/1"}],"replies":[{"embeddable":true,"href":"https:\/\/fcnf.unsa.edu.pe\/fisica\/wp-json\/wp\/v2\/comments?post=1056"}],"version-history":[{"count":6,"href":"https:\/\/fcnf.unsa.edu.pe\/fisica\/wp-json\/wp\/v2\/pages\/1056\/revisions"}],"predecessor-version":[{"id":5093,"href":"https:\/\/fcnf.unsa.edu.pe\/fisica\/wp-json\/wp\/v2\/pages\/1056\/revisions\/5093"}],"wp:featuredmedia":[{"embeddable":true,"href":"https:\/\/fcnf.unsa.edu.pe\/fisica\/wp-json\/wp\/v2\/media\/4024"}],"wp:attachment":[{"href":"https:\/\/fcnf.unsa.edu.pe\/fisica\/wp-json\/wp\/v2\/media?parent=1056"}],"curies":[{"name":"wp","href":"https:\/\/api.w.org\/{rel}","templated":true}]}}